{"id":479,"date":"2018-09-04T19:09:17","date_gmt":"2018-09-04T18:09:17","guid":{"rendered":"http:\/\/ebrotulos.com\/?page_id=479"},"modified":"2022-07-05T10:27:42","modified_gmt":"2022-07-05T09:27:42","slug":"expositores-mallorca","status":"publish","type":"page","link":"https:\/\/ebrotulos.com\/ca\/expositores-mallorca","title":{"rendered":"Expositors i Displays"},"content":{"rendered":"<p>[et_pb_section bb_built=\u00bb1&#8243; fullwidth=\u00bbon\u00bb specialty=\u00bboff\u00bb next_background_color=\u00bb#000000&#8243;][et_pb_fullwidth_image _builder_version=\u00bb4.17.4&#8243; src=\u00bbhttps:\/\/ebrotulos.com\/wp-content\/uploads\/2022\/07\/Sobre-nosotros-1.webp\u00bb background_pattern_color=\u00bbrgba(0,0,0,0.2)\u00bb background_mask_color=\u00bb#ffffff\u00bb box_shadow_horizontal_tablet=\u00bb0px\u00bb box_shadow_vertical_tablet=\u00bb0px\u00bb box_shadow_blur_tablet=\u00bb40px\u00bb box_shadow_spread_tablet=\u00bb0px\u00bb vertical_offset_tablet=\u00bb0&#8243; horizontal_offset_tablet=\u00bb0&#8243; z_index_tablet=\u00bb0&#8243; \/][\/et_pb_section][et_pb_section bb_built=\u00bb1&#8243; admin_label=\u00bbCommitment Section\u00bb specialty=\u00bbon\u00bb padding_top_1=\u00bb80px\u00bb padding_left_1=\u00bb12%\u00bb padding_1_tablet=\u00bb0px|10%||10%\u00bb padding_1_last_edited=\u00bbon|tablet\u00bb _builder_version=\u00bb3.22&#8243; use_background_color_gradient=\u00bbon\u00bb background_color_gradient_start=\u00bbrgba(242,246,249,0)\u00bb background_color_gradient_end=\u00bb#f2f6f9&#8243; background_color_gradient_direction=\u00bb90deg\u00bb background_color_gradient_start_position=\u00bb80%\u00bb background_color_gradient_end_position=\u00bb80%\u00bb inner_width=\u00bb100%\u00bb inner_max_width=\u00bb100%\u00bb custom_margin=\u00bb|||\u00bb custom_padding=\u00bb174px|0px|120px|0px|false|false\u00bb animation_style=\u00bbslide\u00bb animation_direction=\u00bbright\u00bb animation_intensity_slide=\u00bb2%\u00bb use_custom_width=\u00bbon\u00bb width_unit=\u00bboff\u00bb custom_width_percent=\u00bb100%\u00bb background_color_gradient_stops=\u00bbrgba(242,246,249,0) 80%|#f2f6f9 80%\u00bb prev_background_color=\u00bb#ffffff\u00bb next_background_color=\u00bb#ffffff\u00bb][et_pb_column type=\u00bb1_2&#8243;][et_pb_text admin_label=\u00bbTitle\u00bb _builder_version=\u00bb3.27.4&#8243; header_2_font=\u00bbMontserrat||||||||\u00bb header_2_font_size=\u00bb40px\u00bb header_2_line_height=\u00bb1.5em\u00bb max_width=\u00bb800px\u00bb custom_margin=\u00bb||20px|\u00bb custom_padding=\u00bb|||\u00bb custom_padding_tablet=\u00bb0px|10%||70px\u00bb custom_padding_phone=\u00bb0px|10%||50px\u00bb custom_padding_last_edited=\u00bboff|desktop\u00bb header_2_font_size_tablet=\u00bb35px\u00bb header_2_font_size_last_edited=\u00bbon|phone\u00bb header_2_line_height_tablet=\u00bb1em\u00bb header_2_line_height_phone=\u00bb1.4em\u00bb header_2_line_height_last_edited=\u00bboff|desktop\u00bb]<\/p>\n<h2>EXPOSITORS I DISPLAYS Mallorca<\/h2>\n<p>[\/et_pb_text][et_pb_text admin_label=\u00bbParagraph\u00bb _builder_version=\u00bb3.27.4&#8243; text_font=\u00bbMontserrat||||||||\u00bb text_font_size=\u00bb16px\u00bb text_line_height=\u00bb2.2em\u00bb header_2_font=\u00bbMontserrat||||||||\u00bb header_2_text_color=\u00bb#21323d\u00bb header_2_font_size=\u00bb40px\u00bb header_2_line_height=\u00bb1.5em\u00bb max_width=\u00bb800px\u00bb custom_margin=\u00bb||80px|\u00bb custom_padding=\u00bb|||\u00bb custom_padding_tablet=\u00bb|100px||70px\u00bb custom_padding_phone=\u00bb|||50px\u00bb custom_padding_last_edited=\u00bboff|desktop\u00bb text_line_height_last_edited=\u00bboff|desktop\u00bb header_2_font_size_tablet=\u00bb35px\u00bb header_2_font_size_last_edited=\u00bbon|phone\u00bb header_2_line_height_tablet=\u00bb1em\u00bb header_2_line_height_phone=\u00bb1.4em\u00bb header_2_line_height_last_edited=\u00bboff|desktop\u00bb]<\/p>\n<p><strong>Roll-ups i x-b\u00e0ner,<\/strong>,\u00a0<b>displays econ\u00f2mics,<\/b>transportables i facil\u00edsims de muntar i desmuntar.\nEl\u00a0<b>roll-up<\/b>roll-up es un sistema ideal per a esdeveniments i fires. Podr\u00e0s desplegar-ho, amb gran\nrapidesa, i oferir tota la informaci\u00f3 que necessitis comunicar. Aix\u00ed de f\u00e0cil! El seu sistema\npermet canviar la imatge sense haver de comprar una nova estructura.<\/p>\n<p>Posa&#039;t en contacte amb nosaltres, ens adaptem i donem la millor soluci\u00f3 a qualsevol tipus de\nproposta, Expositors Mallorca.<\/p>\n<p>Tamb\u00e9 comptem amb<a href=\"https:\/\/ebrotulos.com\/ca\/letras-corporeas-mallorca\/\">\u00a0Lletres Corp\u00f2ries.<\/a>.<\/p>\n<p>[\/et_pb_text][et_pb_blurb admin_label=\u00bbService\u00bb title=\u00bbRoll up enrollable\u00bb image=\u00bbhttps:\/\/ebrotulos.com\/wp-content\/uploads\/2018\/09\/Check_Icon.jpg\u00bb icon_placement=\u00bbleft\u00bb content_max_width=\u00bb100%\u00bb _builder_version=\u00bb3.17.6&#8243; header_font=\u00bbMontserrat||||||||\u00bb header_text_color=\u00bb#5c6e7a\u00bb header_font_size=\u00bb15px\u00bb custom_padding=\u00bb|||\u00bb custom_padding_tablet=\u00bb||20px|\u00bb custom_padding_phone=\u00bb|||\u00bb custom_padding_last_edited=\u00bboff|desktop\u00bb]<\/p>\n<p><\/p>\n<p>[\/et_pb_blurb][et_pb_blurb admin_label=\u00bbService\u00bb title=\u00bbFly banner\u00bb image=\u00bbhttps:\/\/ebrotulos.com\/wp-content\/uploads\/2018\/09\/Check_Icon.jpg\u00bb icon_placement=\u00bbleft\u00bb content_max_width=\u00bb100%\u00bb _builder_version=\u00bb3.17.6&#8243; header_font=\u00bbMontserrat||||||||\u00bb header_text_color=\u00bb#5c6e7a\u00bb header_font_size=\u00bb15px\u00bb custom_padding=\u00bb|||\u00bb custom_padding_tablet=\u00bb||20px|\u00bb custom_padding_phone=\u00bb|||\u00bb custom_padding_last_edited=\u00bboff|desktop\u00bb]<\/p>\n<p><\/p>\n<p>[\/et_pb_blurb][et_pb_blurb admin_label=\u00bbService\u00bb title=\u00bbCaballetes o expositores de aluminio\u00bb image=\u00bbhttps:\/\/ebrotulos.com\/wp-content\/uploads\/2018\/09\/Check_Icon.jpg\u00bb icon_placement=\u00bbleft\u00bb content_max_width=\u00bb100%\u00bb _builder_version=\u00bb3.17.6&#8243; header_font=\u00bbMontserrat||||||||\u00bb header_text_color=\u00bb#5c6e7a\u00bb header_font_size=\u00bb15px\u00bb custom_padding=\u00bb|||\u00bb custom_padding_tablet=\u00bb||20px|\u00bb custom_padding_phone=\u00bb|||\u00bb custom_padding_last_edited=\u00bboff|desktop\u00bb]<\/p>\n<p><\/p>\n<p>[\/et_pb_blurb][et_pb_blurb admin_label=\u00bbService\u00bb title=\u00bbPhotocalls\u00bb image=\u00bbhttps:\/\/ebrotulos.com\/wp-content\/uploads\/2018\/09\/Check_Icon.jpg\u00bb icon_placement=\u00bbleft\u00bb content_max_width=\u00bb100%\u00bb _builder_version=\u00bb3.17.6&#8243; header_font=\u00bbMontserrat||||||||\u00bb header_text_color=\u00bb#5c6e7a\u00bb header_font_size=\u00bb15px\u00bb custom_padding=\u00bb|||\u00bb custom_padding_tablet=\u00bb||20px|\u00bb custom_padding_phone=\u00bb|||\u00bb custom_padding_last_edited=\u00bboff|desktop\u00bb]<\/p>\n<p><\/p>\n<p>[\/et_pb_blurb][et_pb_blurb admin_label=\u00bbService\u00bb title=\u00bbCarpas\u00bb image=\u00bbhttps:\/\/ebrotulos.com\/wp-content\/uploads\/2018\/09\/Check_Icon.jpg\u00bb icon_placement=\u00bbleft\u00bb content_max_width=\u00bb100%\u00bb _builder_version=\u00bb3.17.6&#8243; header_font=\u00bbMontserrat||||||||\u00bb header_text_color=\u00bb#5c6e7a\u00bb header_font_size=\u00bb15px\u00bb custom_padding=\u00bb|||\u00bb custom_padding_tablet=\u00bb||20px|\u00bb custom_padding_phone=\u00bb|||\u00bb custom_padding_last_edited=\u00bboff|desktop\u00bb]<\/p>\n<p><\/p>\n<p>[\/et_pb_blurb][et_pb_blurb admin_label=\u00bbService\u00bb title=\u00bbExpositores de aluminio personalizados\u00bb image=\u00bbhttps:\/\/ebrotulos.com\/wp-content\/uploads\/2018\/09\/Check_Icon.jpg\u00bb icon_placement=\u00bbleft\u00bb content_max_width=\u00bb100%\u00bb _builder_version=\u00bb3.26.3&#8243; header_font=\u00bbMontserrat||||||||\u00bb header_text_color=\u00bb#5c6e7a\u00bb header_font_size=\u00bb15px\u00bb custom_padding=\u00bb|||\u00bb custom_padding_tablet=\u00bb||20px|\u00bb custom_padding_phone=\u00bb|||\u00bb custom_padding_last_edited=\u00bboff|desktop\u00bb]<\/p>\n<p><\/p>\n<p>[\/et_pb_blurb][\/et_pb_column][et_pb_column type=\u00bb1_2&#8243; specialty_columns=\u00bb2&#8243;][et_pb_row_inner column_structure=\u00bb1_2,1_2&#8243; use_custom_gutter=\u00bbon\u00bb gutter_width=\u00bb1&#8243; make_equal=\u00bbon\u00bb _builder_version=\u00bb4.4.1&#8243; custom_padding=\u00bb0px|0px|0|0px|false|false\u00bb hover_enabled=\u00bb0&#8243; box_shadow_style=\u00bbpreset3&#8243; box_shadow_horizontal=\u00bb-40px\u00bb box_shadow_vertical=\u00bb40px\u00bb box_shadow_blur=\u00bb120px\u00bb box_shadow_spread=\u00bb-24px\u00bb box_shadow_color=\u00bbrgba(67,96,124,0.5)\u00bb][et_pb_column_inner type=\u00bb1_2&#8243; saved_specialty_column_type=\u00bb1_2&#8243; _builder_version=\u00bb4.4.1&#8243; background_color=\u00bb#e09900&#8243; custom_padding=\u00bb|||\u00bb hover_enabled=\u00bb0&#8243; background_color__hover=\u00bb#1777cf\u00bb parallax__hover=\u00bboff\u00bb parallax_method__hover=\u00bbon\u00bb custom_padding__hover=\u00bb|||\u00bb saved_specialty_column_type=\u00bb1_2&#8243;][et_pb_image src=\u00bbhttps:\/\/ebrotulos.com\/wp-content\/uploads\/2018\/11\/Palma-Calle-Arag\u00f3n-39-roll-up-1.jpg\u00bb align_tablet=\u00bbcenter\u00bb align_last_edited=\u00bbon|desktop\u00bb _builder_version=\u00bb3.23&#8243; locked=\u00bboff\u00bb]<\/p>\n<p><\/p>\n<p>[\/et_pb_image][et_pb_button admin_label=\u00bbCTA Button\u00bb button_url=\u00bbhttps:\/\/goo.gl\/photos\/MEWVFogwrumixhTF9&#8243; button_text=\u00bbTrabajos realizados\u00bb button_alignment=\u00bbcenter\u00bb _builder_version=\u00bb3.17.6&#8243; custom_button=\u00bbon\u00bb button_text_size=\u00bb14px\u00bb button_text_color=\u00bb#1777cf\u00bb button_bg_color=\u00bb#ffffff\u00bb button_border_width=\u00bb12px\u00bb button_border_color=\u00bb#ffffff\u00bb button_border_radius=\u00bb2px\u00bb button_font=\u00bbMontserrat|700||on|||||\u00bb custom_margin=\u00bb40px|20px|40px|20px\u00bb custom_padding=\u00bb|||\u00bb button_border_radius_hover=\u00bb4px\u00bb locked=\u00bboff\u00bb button_text_size__hover_enabled=\u00bboff\u00bb button_one_text_size__hover_enabled=\u00bboff\u00bb button_two_text_size__hover_enabled=\u00bboff\u00bb button_text_color__hover_enabled=\u00bboff\u00bb button_one_text_color__hover_enabled=\u00bboff\u00bb button_two_text_color__hover_enabled=\u00bboff\u00bb button_border_width__hover_enabled=\u00bboff\u00bb button_one_border_width__hover_enabled=\u00bboff\u00bb button_two_border_width__hover_enabled=\u00bboff\u00bb button_border_color__hover_enabled=\u00bboff\u00bb button_one_border_color__hover_enabled=\u00bboff\u00bb button_two_border_color__hover_enabled=\u00bboff\u00bb button_border_radius__hover_enabled=\u00bbon\u00bb button_border_radius__hover=\u00bb4px\u00bb button_one_border_radius__hover_enabled=\u00bboff\u00bb button_two_border_radius__hover_enabled=\u00bboff\u00bb button_letter_spacing__hover_enabled=\u00bboff\u00bb button_one_letter_spacing__hover_enabled=\u00bboff\u00bb button_two_letter_spacing__hover_enabled=\u00bboff\u00bb button_bg_color__hover_enabled=\u00bboff\u00bb button_one_bg_color__hover_enabled=\u00bboff\u00bb button_two_bg_color__hover_enabled=\u00bboff\u00bb]<\/p>\n<p><\/p>\n<p>[\/et_pb_button][\/et_pb_column_inner][et_pb_column_inner type=\u00bb1_2&#8243; saved_specialty_column_type=\u00bb1_2&#8243; _builder_version=\u00bb4.4.1&#8243; background_color=\u00bb#e09900&#8243; custom_padding=\u00bb|||\u00bb hover_enabled=\u00bb0&#8243; background_color__hover=\u00bb#1f3142&#8243; parallax__hover=\u00bboff\u00bb parallax_method__hover=\u00bbon\u00bb custom_padding__hover=\u00bb|||\u00bb saved_specialty_column_type=\u00bb1_2&#8243;][et_pb_image src=\u00bbhttps:\/\/ebrotulos.com\/wp-content\/uploads\/2019\/07\/expositor-de-aluminio-2.jpg\u00bb align_tablet=\u00bbcenter\u00bb align_last_edited=\u00bbon|desktop\u00bb _builder_version=\u00bb3.26.3&#8243;]<\/p>\n<p><\/p>\n<p>[\/et_pb_image][\/et_pb_column_inner][\/et_pb_row_inner][\/et_pb_column][\/et_pb_section][et_pb_section bb_built=\u00bb1&#8243; admin_label=\u00bbFeatured Services Section\u00bb _builder_version=\u00bb3.22&#8243; custom_padding=\u00bb0px|0px|0px|0px\u00bb prev_background_color=\u00bb#000000&#8243; next_background_color=\u00bb#f2f6f9&#8243;][et_pb_row admin_label=\u00bbServices Row\u00bb column_structure=\u00bb1_3,1_3,1_3&#8243; use_custom_gutter=\u00bbon\u00bb gutter_width=\u00bb1&#8243; make_equal=\u00bbon\u00bb module_class=\u00bb et_pb_row_fullwidth\u00bb _builder_version=\u00bb3.25&#8243; width=\u00bb100%\u00bb width_tablet=\u00bb100%\u00bb width_last_edited=\u00bbon|desktop\u00bb max_width=\u00bb100%\u00bb max_width_tablet=\u00bb100%\u00bb max_width_last_edited=\u00bbon|desktop\u00bb custom_padding=\u00bb19px|0px|0px|0px|false|false\u00bb make_fullwidth=\u00bbon\u00bb][et_pb_column type=\u00bb1_3&#8243; _builder_version=\u00bb3.25&#8243; use_background_color_gradient=\u00bbon\u00bb background_color_gradient_start=\u00bbrgba(142,182,222,0.2)\u00bb background_color_gradient_end=\u00bb#1d3e5a\u00bb background_color_gradient_overlays_image=\u00bbon\u00bb background_image=\u00bbhttps:\/\/ebrotulos.com\/wp-content\/uploads\/2018\/11\/Palma-pla\u00e7a-Pere-Garau-fly-banner.jpg\u00bb custom_padding=\u00bb30%|||\u00bb custom_padding__hover=\u00bb|||\u00bb background_color_gradient_stops=\u00bbrgba(142,182,222,0.2) 0%|#1d3e5a 100%\u00bb][et_pb_text admin_label=\u00bbTitle\u00bb _builder_version=\u00bb3.27.4&#8243; text_font=\u00bbMontserrat||||||||\u00bb text_font_size=\u00bb15px\u00bb text_line_height=\u00bb2.2em\u00bb header_3_font=\u00bbMontserrat||||||||\u00bb header_3_line_height=\u00bb1.5em\u00bb background_layout=\u00bbdark\u00bb custom_margin=\u00bb|70px|30px|90px\u00bb custom_padding=\u00bb|||\u00bb]<\/p>\n<h3>*Fly b\u00e0ner gota o ll\u00e0grima<\/h3>\n<h3>Ideades per a ser utilitzades com a banderes promocionals i d&#039;esdeveniments. Tamb\u00e9 tenim un\nmodel per a instal\u00b7lar en la paret.<strong> Fly B\u00e0ner Mallorca.<\/strong>.<\/h3>\n<p>[\/et_pb_text][\/et_pb_column][et_pb_column type=\u00bb1_3&#8243; _builder_version=\u00bb3.25&#8243; use_background_color_gradient=\u00bbon\u00bb background_color_gradient_start=\u00bbrgba(142,182,222,0.2)\u00bb background_color_gradient_end=\u00bb#1d3e5a\u00bb background_color_gradient_overlays_image=\u00bbon\u00bb background_image=\u00bbhttps:\/\/ebrotulos.com\/wp-content\/uploads\/2018\/11\/Palma-Carrer-de-Manuel-Aza\u00f1a-1-roll-up.jpg\u00bb custom_padding=\u00bb30%|||\u00bb custom_padding__hover=\u00bb|||\u00bb background_color_gradient_stops=\u00bbrgba(142,182,222,0.2) 0%|#1d3e5a 100%\u00bb][et_pb_text admin_label=\u00bbTitle\u00bb _builder_version=\u00bb3.27.4&#8243; text_font=\u00bbMontserrat||||||||\u00bb text_font_size=\u00bb15px\u00bb text_line_height=\u00bb2.2em\u00bb header_3_font=\u00bbMontserrat||||||||\u00bb header_3_line_height=\u00bb1.5em\u00bb background_layout=\u00bbdark\u00bb custom_margin=\u00bb|70px|30px|90px\u00bb custom_padding=\u00bb|||\u00bb]<\/p>\n<h3>Roll up Mallorca<\/h3>\n<h3>Els\u00a0<b>roll up<\/b>\u00a0s\u00f3n uns displays publicitaris acte enrotllables econ\u00f2mics i barats a m\u00e9s consten de\ndiversos tipus de mesures tant d&#039;ample com d&#039;alt, tamb\u00e9 tenen una armadura d&#039;alumini que fa\nque la nostra impressi\u00f3 s&#039;enrotlli i es desenrotlli dins de la mateixa estructura en pocs segons,\nd&#039;una manera r\u00e0pida.<\/h3>\n<p>[\/et_pb_text][\/et_pb_column][et_pb_column type=\u00bb1_3&#8243; _builder_version=\u00bb3.25&#8243; use_background_color_gradient=\u00bbon\u00bb background_color_gradient_start=\u00bbrgba(142,182,222,0.2)\u00bb background_color_gradient_end=\u00bb#1d3e5a\u00bb background_color_gradient_overlays_image=\u00bbon\u00bb background_image=\u00bbhttps:\/\/ebrotulos.com\/wp-content\/uploads\/2018\/11\/photocall.jpg\u00bb custom_padding=\u00bb30%|||\u00bb custom_padding__hover=\u00bb|||\u00bb background_color_gradient_stops=\u00bbrgba(142,182,222,0.2) 0%|#1d3e5a 100%\u00bb][et_pb_text admin_label=\u00bbTitle\u00bb _builder_version=\u00bb3.27.4&#8243; text_font=\u00bbMontserrat||||||||\u00bb text_font_size=\u00bb15px\u00bb text_line_height=\u00bb2.2em\u00bb header_3_font=\u00bbMontserrat||||||||\u00bb header_3_line_height=\u00bb1.5em\u00bb background_layout=\u00bbdark\u00bb custom_margin=\u00bb|70px|30px|90px\u00bb custom_padding=\u00bb|||\u00bb locked=\u00bboff\u00bb]<\/p>\n<section id=\"content\" class=\"site-content\">\n<div class=\"container\">\n<div class=\"row\">\n<div class=\"right_sidebar col-sm-8 col-md-9\" role=\"main\">\n<div id=\"th-content-post\">\n<div id=\"post-2045\" class=\"kl-single-layout--classic post-2045 post type-post status-publish format-gallery hentry category-entretenimiento tag-entretenimiento-2 tag-fiestas tag-ideas-para-bodas tag-photocall post_format-post-format-gallery\">\n<div class=\"itemView clearfix eBlog kl-blog kl-blog-list-wrapper kl-blog--style-light\">\n<div class=\"kl-blog-post\">\n<div class=\"itemBody kl-blog-post-body kl-blog-cols-1\">\n<h3>Photocalls Mallorca<\/h3>\n<h3>El photocall consisteix en un espai amb un fons publicitari que \u201canomena\u201d a la gent per a fer-\nse fotos aqu\u00ed davant. *Photocall Mallorca. <strong>Photocall Mallorca<\/strong>.<\/h3>\n<\/div>\n<\/div>\n<\/div>\n<\/div>\n<\/div>\n<\/div>\n<\/div>\n<\/div>\n<\/section>\n<p>&nbsp;<\/p>\n<p>[\/et_pb_text][\/et_pb_column][\/et_pb_row][\/et_pb_section][et_pb_section bb_built=\u00bb1&#8243; admin_label=\u00bbServices Section\u00bb _builder_version=\u00bb3.22&#8243; background_color=\u00bb#f2f6f9&#8243; custom_padding=\u00bb122px|0px|120px|0px|false|false\u00bb prev_background_color=\u00bb#ffffff\u00bb next_background_color=\u00bb#ffffff\u00bb][et_pb_row _builder_version=\u00bb3.25&#8243; custom_padding=\u00bb|||\u00bb][et_pb_column type=\u00bb4_4&#8243; _builder_version=\u00bb3.25&#8243; custom_padding=\u00bb|||\u00bb custom_padding__hover=\u00bb|||\u00bb][et_pb_text _builder_version=\u00bb3.27.4&#8243; text_font=\u00bbMontserrat||||||||\u00bb text_font_size=\u00bb18px\u00bb text_line_height=\u00bb1.8em\u00bb header_font=\u00bb||||||||\u00bb header_2_font=\u00bbMontserrat||||||||\u00bb header_2_text_align=\u00bbcenter\u00bb header_2_font_size=\u00bb40px\u00bb header_2_line_height=\u00bb1.5em\u00bb text_orientation=\u00bbcenter\u00bb custom_margin=\u00bb|||\u00bb custom_padding=\u00bb|||\u00bb text_font_size_tablet=\u00bb16px\u00bb text_font_size_phone=\u00bb16px\u00bb text_font_size_last_edited=\u00bbon|desktop\u00bb]<\/p>\n<h2>Exemples de Displays<\/h2>\n<p>[\/et_pb_text][\/et_pb_column][\/et_pb_row][et_pb_row column_structure=\u00bb1_3,1_3,1_3&#8243; use_custom_gutter=\u00bbon\u00bb gutter_width=\u00bb2&#8243; _builder_version=\u00bb3.25&#8243; max_width=\u00bb1440px\u00bb custom_padding=\u00bb|||\u00bb use_custom_width=\u00bbon\u00bb custom_width_px=\u00bb1440px\u00bb][et_pb_column type=\u00bb1_3&#8243; _builder_version=\u00bb3.25&#8243; background_color=\u00bb#ffffff\u00bb custom_padding=\u00bb|||\u00bb custom_padding__hover=\u00bb|||\u00bb][et_pb_image src=\u00bbhttps:\/\/ebrotulos.com\/wp-content\/uploads\/2018\/11\/photocall-3.jpg\u00bb force_fullwidth=\u00bbon\u00bb align_tablet=\u00bbcenter\u00bb align_last_edited=\u00bbon|desktop\u00bb _builder_version=\u00bb3.23&#8243; locked=\u00bboff\u00bb]<\/p>\n<p><\/p>\n<p>[\/et_pb_image][et_pb_text admin_label=\u00bbService Name\u00bb _builder_version=\u00bb3.27.4&#8243; text_font=\u00bbMontserrat||||||||\u00bb text_font_size=\u00bb15px\u00bb text_line_height=\u00bb1.8em\u00bb header_font=\u00bb||||||||\u00bb header_3_font=\u00bbMontserrat||||||||\u00bb header_3_line_height=\u00bb1.5em\u00bb custom_padding=\u00bb10px|20px||20px\u00bb locked=\u00bboff\u00bb]<\/p>\n<h3>Photocall personalitzat per a festa infantil.<\/h3>\n<p>[\/et_pb_text][\/et_pb_column][et_pb_column type=\u00bb1_3&#8243; _builder_version=\u00bb3.25&#8243; background_color=\u00bb#ffffff\u00bb custom_padding=\u00bb|||\u00bb custom_padding__hover=\u00bb|||\u00bb][et_pb_image src=\u00bbhttps:\/\/ebrotulos.com\/wp-content\/uploads\/2018\/11\/photocall.jpg\u00bb force_fullwidth=\u00bbon\u00bb align_tablet=\u00bbcenter\u00bb align_last_edited=\u00bbon|desktop\u00bb _builder_version=\u00bb3.23&#8243; custom_margin_last_edited=\u00bbon|phone\u00bb]<\/p>\n<p><\/p>\n<p>[\/et_pb_image][et_pb_text admin_label=\u00bbService Name\u00bb _builder_version=\u00bb3.27.4&#8243; text_font=\u00bbMontserrat||||||||\u00bb text_font_size=\u00bb15px\u00bb text_line_height=\u00bb1.8em\u00bb header_font=\u00bb||||||||\u00bb header_3_font=\u00bbMontserrat||||||||\u00bb header_3_line_height=\u00bb1.5em\u00bb custom_padding=\u00bb10px|20px||20px\u00bb]<\/p>\n<h3>*Photocall personalitzat per a noces.<\/h3>\n<p>[\/et_pb_text][\/et_pb_column][et_pb_column type=\u00bb1_3&#8243; _builder_version=\u00bb3.25&#8243; background_color=\u00bb#ffffff\u00bb custom_padding=\u00bb|||\u00bb custom_padding__hover=\u00bb|||\u00bb][et_pb_image src=\u00bbhttps:\/\/ebrotulos.com\/wp-content\/uploads\/2018\/11\/Palma-Calle-Arag\u00f3n-39-roll-up-1.jpg\u00bb force_fullwidth=\u00bbon\u00bb align_tablet=\u00bbcenter\u00bb align_last_edited=\u00bbon|desktop\u00bb _builder_version=\u00bb3.23&#8243; locked=\u00bboff\u00bb]<\/p>\n<p><\/p>\n<p>[\/et_pb_image][et_pb_text admin_label=\u00bbService Name\u00bb _builder_version=\u00bb3.27.4&#8243; text_font=\u00bbMontserrat||||||||\u00bb text_font_size=\u00bb15px\u00bb text_line_height=\u00bb1.8em\u00bb header_font=\u00bb||||||||\u00bb header_3_font=\u00bbMontserrat||||||||\u00bb header_3_line_height=\u00bb1.5em\u00bb custom_padding=\u00bb10px|20px||20px\u00bb locked=\u00bboff\u00bb]<\/p>\n<h3>*Roll up enrotllable.<\/h3>\n<p>[\/et_pb_text][\/et_pb_column][\/et_pb_row][et_pb_row column_structure=\u00bb1_3,1_3,1_3&#8243; use_custom_gutter=\u00bbon\u00bb gutter_width=\u00bb2&#8243; _builder_version=\u00bb3.25&#8243; max_width=\u00bb1440px\u00bb custom_padding=\u00bb|||\u00bb use_custom_width=\u00bbon\u00bb custom_width_px=\u00bb1440px\u00bb][et_pb_column type=\u00bb1_3&#8243; _builder_version=\u00bb3.25&#8243; background_color=\u00bb#ffffff\u00bb custom_padding=\u00bb|||\u00bb custom_padding__hover=\u00bb|||\u00bb][et_pb_image src=\u00bbhttps:\/\/ebrotulos.com\/wp-content\/uploads\/2018\/11\/C\u00b4an-Pastilla-Carrer-de-Virgili-25-expositores.jpg\u00bb force_fullwidth=\u00bbon\u00bb align_tablet=\u00bbcenter\u00bb align_last_edited=\u00bbon|desktop\u00bb _builder_version=\u00bb3.23&#8243; locked=\u00bboff\u00bb]<\/p>\n<p><\/p>\n<p>[\/et_pb_image][et_pb_text admin_label=\u00bbService Name\u00bb _builder_version=\u00bb3.27.4&#8243; text_font=\u00bbMontserrat||||||||\u00bb text_font_size=\u00bb15px\u00bb text_line_height=\u00bb1.8em\u00bb header_font=\u00bb||||||||\u00bb header_3_font=\u00bbMontserrat||||||||\u00bb header_3_line_height=\u00bb1.5em\u00bb custom_padding=\u00bb10px|20px||20px\u00bb locked=\u00bboff\u00bb]<\/p>\n<h3>Expositors de fusta.<\/h3>\n<p>[\/et_pb_text][\/et_pb_column][et_pb_column type=\u00bb1_3&#8243; _builder_version=\u00bb3.25&#8243; background_color=\u00bb#ffffff\u00bb custom_padding=\u00bb|||\u00bb custom_padding__hover=\u00bb|||\u00bb][et_pb_image src=\u00bbhttps:\/\/ebrotulos.com\/wp-content\/uploads\/2018\/11\/photocall-300-x-200-cm.jpg\u00bb force_fullwidth=\u00bbon\u00bb align_tablet=\u00bbcenter\u00bb align_last_edited=\u00bbon|desktop\u00bb _builder_version=\u00bb3.23&#8243; custom_margin_last_edited=\u00bbon|phone\u00bb]<\/p>\n<p><\/p>\n<p>[\/et_pb_image][et_pb_text admin_label=\u00bbService Name\u00bb _builder_version=\u00bb3.27.4&#8243; text_font=\u00bbMontserrat||||||||\u00bb text_font_size=\u00bb15px\u00bb text_line_height=\u00bb1.8em\u00bb header_font=\u00bb||||||||\u00bb header_3_font=\u00bbMontserrat||||||||\u00bb header_3_line_height=\u00bb1.5em\u00bb custom_padding=\u00bb10px|20px||20px\u00bb]<\/p>\n<h3>Pop ups\u00a0<\/h3>\n<p>[\/et_pb_text][\/et_pb_column][et_pb_column type=\u00bb1_3&#8243; _builder_version=\u00bb3.25&#8243; background_color=\u00bb#ffffff\u00bb custom_padding=\u00bb|||\u00bb custom_padding__hover=\u00bb|||\u00bb][et_pb_image src=\u00bbhttps:\/\/ebrotulos.com\/wp-content\/uploads\/2019\/07\/expositor-de-aluminio-2.jpg\u00bb force_fullwidth=\u00bbon\u00bb align_tablet=\u00bbcenter\u00bb align_last_edited=\u00bbon|desktop\u00bb _builder_version=\u00bb3.26.3&#8243; locked=\u00bboff\u00bb]<\/p>\n<p><\/p>\n<p>[\/et_pb_image][et_pb_text admin_label=\u00bbService Name\u00bb _builder_version=\u00bb3.27.4&#8243; text_font=\u00bbMontserrat||||||||\u00bb text_font_size=\u00bb15px\u00bb text_line_height=\u00bb1.8em\u00bb header_font=\u00bb||||||||\u00bb header_3_font=\u00bbMontserrat||||||||\u00bb header_3_line_height=\u00bb1.5em\u00bb custom_padding=\u00bb10px|20px||20px\u00bb locked=\u00bboff\u00bb]<\/p>\n<h3>Expositors a mesura<\/h3>\n<p>[\/et_pb_text][\/et_pb_column][\/et_pb_row][\/et_pb_section][et_pb_section bb_built=\u00bb1&#8243; admin_label=\u00bbTestimonials\u00bb _builder_version=\u00bb3.22&#8243; custom_padding=\u00bb120px|0px|120px|0px\u00bb saved_tabs=\u00bball\u00bb prev_background_color=\u00bb#f2f6f9&#8243; next_background_color=\u00bb#000000&#8243;][et_pb_row _builder_version=\u00bb3.25&#8243; custom_padding=\u00bb|||\u00bb border_color_bottom=\u00bb#e8e8e8&#8243;][et_pb_column type=\u00bb4_4&#8243; _builder_version=\u00bb3.25&#8243; custom_padding=\u00bb|||\u00bb custom_padding__hover=\u00bb|||\u00bb][et_pb_text _builder_version=\u00bb3.27.4&#8243; text_font=\u00bbMontserrat||||||||\u00bb text_font_size=\u00bb18px\u00bb header_font=\u00bb||||||||\u00bb header_line_height=\u00bb1.4em\u00bb header_2_font=\u00bbMontserrat||||||||\u00bb header_2_text_align=\u00bbcenter\u00bb header_2_font_size=\u00bb40px\u00bb header_2_line_height=\u00bb1.5em\u00bb text_orientation=\u00bbcenter\u00bb custom_margin=\u00bb|||\u00bb custom_padding=\u00bb|||\u00bb text_font_size_tablet=\u00bb16px\u00bb text_font_size_phone=\u00bb16px\u00bb text_font_size_last_edited=\u00bbon|desktop\u00bb]<\/p>\n<h2>Satisfacci\u00f3 dels clients<\/h2>\n<p>[\/et_pb_text][\/et_pb_column][\/et_pb_row][et_pb_row column_structure=\u00bb1_2,1_2&#8243; _builder_version=\u00bb3.25&#8243; max_width=\u00bb1440px\u00bb custom_padding=\u00bb50px|0px|50px|0px\u00bb border_width_bottom=\u00bb1px\u00bb border_color_bottom=\u00bb#e8e8e8&#8243; use_custom_width=\u00bbon\u00bb custom_width_px=\u00bb1440px\u00bb][et_pb_column type=\u00bb1_2&#8243; _builder_version=\u00bb3.25&#8243; custom_padding=\u00bb|||\u00bb custom_padding__hover=\u00bb|||\u00bb][et_pb_image src=\u00bbhttps:\/\/ebrotulos.com\/wp-content\/uploads\/2018\/09\/stars-5.png\u00bb align=\u00bbcenter\u00bb align_tablet=\u00bbcenter\u00bb align_last_edited=\u00bbon|desktop\u00bb _builder_version=\u00bb3.23&#8243; animation_style=\u00bbslide\u00bb animation_direction=\u00bbbottom\u00bb]<\/p>\n<p><\/p>\n<p>[\/et_pb_image][et_pb_text admin_label=\u00bbClients Testimonial\u00bb _builder_version=\u00bb3.27.4&#8243; text_font=\u00bbMontserrat|300|on||||||\u00bb text_font_size=\u00bb20px\u00bb text_line_height=\u00bb2em\u00bb text_orientation=\u00bbcenter\u00bb custom_margin=\u00bb|||\u00bb]<\/p>\n<p>\u00bb Soluci\u00f3 r\u00e0pida i econ\u00f2mica\u00bb<\/p>\n<p>[\/et_pb_text][et_pb_blurb admin_label=\u00bbClient Info &#038; Avatar\u00bb title=\u00bbJuani Sanchez\u00bb image_max_width=\u00bb50px\u00bb _builder_version=\u00bb3.17.6&#8243; header_font=\u00bbMontserrat||||||||\u00bb header_line_height=\u00bb1.5em\u00bb body_font=\u00bbMontserrat||||||||\u00bb text_orientation=\u00bbcenter\u00bb animation_style=\u00bbslide\u00bb animation_direction=\u00bbtop\u00bb animation_intensity_slide=\u00bb10%\u00bb border_radii_image=\u00bbon|100px|100px|100px|100px\u00bb box_shadow_style_image=\u00bbpreset3&#8243; image_icon_width=\u00bb50px\u00bb]<\/p>\n<p><\/p>\n<p>[\/et_pb_blurb][\/et_pb_column][et_pb_column type=\u00bb1_2&#8243; _builder_version=\u00bb3.25&#8243; custom_padding=\u00bb|||\u00bb custom_padding__hover=\u00bb|||\u00bb][et_pb_image src=\u00bbhttps:\/\/ebrotulos.com\/wp-content\/uploads\/2018\/09\/stars-5.png\u00bb align=\u00bbcenter\u00bb align_tablet=\u00bbcenter\u00bb align_last_edited=\u00bbon|desktop\u00bb _builder_version=\u00bb3.23&#8243; animation_style=\u00bbslide\u00bb animation_direction=\u00bbbottom\u00bb locked=\u00bboff\u00bb]<\/p>\n<p><\/p>\n<p>[\/et_pb_image][et_pb_text admin_label=\u00bbClients Testimonial\u00bb _builder_version=\u00bb3.27.4&#8243; text_font=\u00bbMontserrat|300|on||||||\u00bb text_font_size=\u00bb20px\u00bb text_line_height=\u00bb2em\u00bb text_orientation=\u00bbcenter\u00bb custom_margin=\u00bb|||\u00bb locked=\u00bboff\u00bb]<\/p>\n<p>\u00bb No ten\u00edem ni idea que posar per a l'esdeveniment i al final trobem el *photocall adequat i a bon preu, bon treball nois!!!!\u00bb<\/p>\n<p>[\/et_pb_text][et_pb_blurb admin_label=\u00bbClient Info &#038; Avatar\u00bb title=\u00bbJuana Sirer\u00bb image_max_width=\u00bb50px\u00bb _builder_version=\u00bb3.17.6&#8243; header_font=\u00bbMontserrat||||||||\u00bb header_line_height=\u00bb1.5em\u00bb body_font=\u00bbMontserrat||||||||\u00bb text_orientation=\u00bbcenter\u00bb animation_style=\u00bbslide\u00bb animation_direction=\u00bbtop\u00bb animation_intensity_slide=\u00bb10%\u00bb border_radii_image=\u00bbon|100px|100px|100px|100px\u00bb box_shadow_style_image=\u00bbpreset3&#8243; locked=\u00bboff\u00bb image_icon_width=\u00bb50px\u00bb]<\/p>\n<p><\/p>\n<p>[\/et_pb_blurb][\/et_pb_column][\/et_pb_row][\/et_pb_section][et_pb_section bb_built=\u00bb1&#8243; admin_label=\u00bbFooter Section\u00bb _builder_version=\u00bb3.22&#8243; use_background_color_gradient=\u00bbon\u00bb background_color_gradient_start=\u00bbrgba(20,61,88,0.65)\u00bb background_color_gradient_end=\u00bb#143d58&#8243; background_color_gradient_overlays_image=\u00bbon\u00bb background_image=\u00bbhttps:\/\/ebrotulos.com\/wp-content\/uploads\/2018\/11\/Palma-Pasqual-Ribot-1-bandeja-fresada-con-luz.jpg\u00bb custom_margin=\u00bb|||\u00bb custom_padding=\u00bb8vw|0px|8vw|0px\u00bb bottom_divider_style=\u00bbmountains2&#8243; bottom_divider_color=\u00bbrgba(5,41,66,0.3)\u00bb bottom_divider_height=\u00bb50%\u00bb animation_style=\u00bbslide\u00bb animation_direction=\u00bbbottom\u00bb animation_intensity_slide=\u00bb6%\u00bb animation_starting_opacity=\u00bb100%\u00bb saved_tabs=\u00bball\u00bb background_color_gradient_stops=\u00bbrgba(20,61,88,0.65) 0%|#143d58 100%\u00bb prev_background_color=\u00bb#ffffff\u00bb][et_pb_row admin_label=\u00bbFooter Row\u00bb _builder_version=\u00bb3.25&#8243; custom_padding=\u00bb|||\u00bb][et_pb_column type=\u00bb4_4&#8243; _builder_version=\u00bb3.25&#8243; custom_padding=\u00bb|||\u00bb custom_padding__hover=\u00bb|||\u00bb][et_pb_text admin_label=\u00bbTitle\u00bb _builder_version=\u00bb3.27.4&#8243; text_font=\u00bbMontserrat||||||||\u00bb text_text_color=\u00bb#a4bccb\u00bb text_font_size=\u00bb20px\u00bb text_line_height=\u00bb1.5em\u00bb header_font=\u00bb||||||||\u00bb header_2_font=\u00bbMontserrat||||||||\u00bb header_2_text_align=\u00bbcenter\u00bb header_2_line_height=\u00bb1.5em\u00bb header_3_font=\u00bbMontserrat|500|||||||\u00bb header_3_text_align=\u00bbcenter\u00bb header_3_font_size=\u00bb55px\u00bb header_3_line_height=\u00bb1.5em\u00bb text_orientation=\u00bbcenter\u00bb background_layout=\u00bbdark\u00bb max_width=\u00bb700px\u00bb module_alignment=\u00bbcenter\u00bb custom_margin=\u00bb||0px|\u00bb header_3_font_size_tablet=\u00bb60px\u00bb header_3_font_size_phone=\u00bb52px\u00bb header_3_font_size_last_edited=\u00bbon|tablet\u00bb]<\/p>\n<h2>Presupost sense compromis<\/h2>\n<h2>Satisfaccio garantitzada<\/h2>\n<p>[\/et_pb_text][\/et_pb_column][\/et_pb_row][et_pb_row admin_label=\u00bbCTA Row\u00bb _builder_version=\u00bb3.25&#8243; custom_padding=\u00bb|||\u00bb][et_pb_column type=\u00bb4_4&#8243; _builder_version=\u00bb3.25&#8243; custom_padding=\u00bb|||\u00bb custom_padding__hover=\u00bb|||\u00bb][et_pb_blurb admin_label=\u00bbCTA\u00bb title=\u00bbLlamenos, le informaremos de las posibles soluciones para su negocio.\u00bb image=\u00bbhttps:\/\/ebrotulos.com\/wp-content\/uploads\/2018\/09\/Call_icon.png\u00bb _builder_version=\u00bb3.17.2&#8243; header_font=\u00bbMontserrat||||||||\u00bb header_text_color=\u00bb#a4bccb\u00bb header_font_size=\u00bb20px\u00bb header_line_height=\u00bb1.5em\u00bb body_font=\u00bbMontserrat|500|||||||\u00bb body_text_align=\u00bbcenter\u00bb body_font_size=\u00bb30px\u00bb text_orientation=\u00bbcenter\u00bb background_layout=\u00bbdark\u00bb animation=\u00bboff\u00bb]<\/p>\n<p>+0034 627 652 202<\/p>\n<p>&nbsp;<\/p>\n<p>[\/et_pb_blurb][\/et_pb_column][\/et_pb_row][\/et_pb_section]<\/p>","protected":false},"excerpt":{"rendered":"<p>Expositores Mallorca y Displays Roll-ups y x-banner,\u00a0displays econ\u00f3micos, transportables y facil\u00edsimos de montar y desmontar. El\u00a0roll-upes un sistema ideal para eventos y ferias. Podr\u00e1s desplegarlo, con gran rapidez, y ofrecer toda la informaci\u00f3n que necesites comunicar. \u00a1As\u00ed de f\u00e1cil! Su sistema permite cambiar la imagen sin tener que comprar una nueva estructura. Ponte en contacto [&hellip;]<\/p>","protected":false},"author":1,"featured_media":1348,"parent":0,"menu_order":0,"comment_status":"closed","ping_status":"closed","template":"","meta":{"_et_pb_use_builder":"on","_et_pb_old_content":"","_et_gb_content_width":"","footnotes":""},"dipi_cpt_category":[],"class_list":["post-479","page","type-page","status-publish","has-post-thumbnail","hentry"],"yoast_head":"<!-- This site is optimized with the Yoast SEO plugin v24.9 - https:\/\/yoast.com\/wordpress\/plugins\/seo\/ -->\n<title>Expositores y Displays en Mallorca\u30102026\u3011Mejores precios \u2714\ufe0f<\/title>\n<meta name=\"description\" content=\"Los mejores expositores en Mallorca y el resto de las islas Baleares, experiencia y calidad a su disposici\u00f3n \u00a1pide presupuesto sin compromiso!\" \/>\n<meta name=\"robots\" content=\"index, follow, max-snippet:-1, max-image-preview:large, max-video-preview:-1\" \/>\n<link rel=\"canonical\" href=\"https:\/\/ebrotulos.com\/ca\/expositores-mallorca\/\" \/>\n<meta property=\"og:locale\" content=\"ca_ES\" \/>\n<meta property=\"og:type\" content=\"article\" \/>\n<meta property=\"og:title\" content=\"Expositores y Displays en Mallorca\u30102026\u3011Mejores precios \u2714\ufe0f\" \/>\n<meta property=\"og:description\" content=\"Los mejores expositores en Mallorca y el resto de las islas Baleares, experiencia y calidad a su disposici\u00f3n \u00a1pide presupuesto sin compromiso!\" \/>\n<meta property=\"og:url\" content=\"https:\/\/ebrotulos.com\/ca\/expositores-mallorca\/\" \/>\n<meta property=\"og:site_name\" content=\"EB R\u00f3tulos\" \/>\n<meta property=\"article:modified_time\" content=\"2022-07-05T09:27:42+00:00\" \/>\n<meta property=\"og:image\" content=\"https:\/\/ebrotulos.com\/wp-content\/uploads\/2022\/07\/Sobre-nosotros-1.webp\" \/>\n\t<meta property=\"og:image:width\" content=\"1024\" \/>\n\t<meta property=\"og:image:height\" content=\"576\" \/>\n\t<meta property=\"og:image:type\" content=\"image\/webp\" \/>\n<meta name=\"twitter:card\" content=\"summary_large_image\" \/>\n<meta name=\"twitter:label1\" content=\"Temps estimat de lectura\" \/>\n\t<meta name=\"twitter:data1\" content=\"16 minuts\" \/>\n<script type=\"application\/ld+json\" class=\"yoast-schema-graph\">{\"@context\":\"https:\/\/schema.org\",\"@graph\":[{\"@type\":\"WebPage\",\"@id\":\"https:\/\/ebrotulos.com\/expositores-mallorca\",\"url\":\"https:\/\/ebrotulos.com\/expositores-mallorca\",\"name\":\"Expositores y Displays en Mallorca\u30102026\u3011Mejores precios \u2714\ufe0f\",\"isPartOf\":{\"@id\":\"https:\/\/ebrotulos.com\/#website\"},\"primaryImageOfPage\":{\"@id\":\"https:\/\/ebrotulos.com\/expositores-mallorca#primaryimage\"},\"image\":{\"@id\":\"https:\/\/ebrotulos.com\/expositores-mallorca#primaryimage\"},\"thumbnailUrl\":\"https:\/\/ebrotulos.com\/wp-content\/uploads\/2022\/07\/Sobre-nosotros-1.webp\",\"datePublished\":\"2018-09-04T18:09:17+00:00\",\"dateModified\":\"2022-07-05T09:27:42+00:00\",\"description\":\"Los mejores expositores en Mallorca y el resto de las islas Baleares, experiencia y calidad a su disposici\u00f3n \u00a1pide presupuesto sin compromiso!\",\"breadcrumb\":{\"@id\":\"https:\/\/ebrotulos.com\/expositores-mallorca#breadcrumb\"},\"inLanguage\":\"ca\",\"potentialAction\":[{\"@type\":\"ReadAction\",\"target\":[\"https:\/\/ebrotulos.com\/expositores-mallorca\"]}]},{\"@type\":\"ImageObject\",\"inLanguage\":\"ca\",\"@id\":\"https:\/\/ebrotulos.com\/expositores-mallorca#primaryimage\",\"url\":\"https:\/\/ebrotulos.com\/wp-content\/uploads\/2022\/07\/Sobre-nosotros-1.webp\",\"contentUrl\":\"https:\/\/ebrotulos.com\/wp-content\/uploads\/2022\/07\/Sobre-nosotros-1.webp\",\"width\":1024,\"height\":576,\"caption\":\"EXPOSITORES MALLORCA\"},{\"@type\":\"BreadcrumbList\",\"@id\":\"https:\/\/ebrotulos.com\/expositores-mallorca#breadcrumb\",\"itemListElement\":[{\"@type\":\"ListItem\",\"position\":1,\"name\":\"Portada\",\"item\":\"https:\/\/ebrotulos.com\/\"},{\"@type\":\"ListItem\",\"position\":2,\"name\":\"Expositores y Displays\"}]},{\"@type\":\"WebSite\",\"@id\":\"https:\/\/ebrotulos.com\/#website\",\"url\":\"https:\/\/ebrotulos.com\/\",\"name\":\"EB R\u00f3tulos\",\"description\":\"R\u00f3tulos en Mallorca\",\"publisher\":{\"@id\":\"https:\/\/ebrotulos.com\/#organization\"},\"potentialAction\":[{\"@type\":\"SearchAction\",\"target\":{\"@type\":\"EntryPoint\",\"urlTemplate\":\"https:\/\/ebrotulos.com\/?s={search_term_string}\"},\"query-input\":{\"@type\":\"PropertyValueSpecification\",\"valueRequired\":true,\"valueName\":\"search_term_string\"}}],\"inLanguage\":\"ca\"},{\"@type\":\"Organization\",\"@id\":\"https:\/\/ebrotulos.com\/#organization\",\"name\":\"EB R\u00f3tulos\",\"url\":\"https:\/\/ebrotulos.com\/\",\"logo\":{\"@type\":\"ImageObject\",\"inLanguage\":\"ca\",\"@id\":\"https:\/\/ebrotulos.com\/#\/schema\/logo\/image\/\",\"url\":\"https:\/\/ebrotulos.com\/wp-content\/uploads\/2019\/01\/fon-principal-2.jpg\",\"contentUrl\":\"https:\/\/ebrotulos.com\/wp-content\/uploads\/2019\/01\/fon-principal-2.jpg\",\"width\":900,\"height\":435,\"caption\":\"EB R\u00f3tulos\"},\"image\":{\"@id\":\"https:\/\/ebrotulos.com\/#\/schema\/logo\/image\/\"}}]}<\/script>\n<!-- \/ Yoast SEO plugin. -->","yoast_head_json":{"title":"Expositores y Displays en Mallorca\u30102026\u3011Mejores precios \u2714\ufe0f","description":"Los mejores expositores en Mallorca y el resto de las islas Baleares, experiencia y calidad a su disposici\u00f3n \u00a1pide presupuesto sin compromiso!","robots":{"index":"index","follow":"follow","max-snippet":"max-snippet:-1","max-image-preview":"max-image-preview:large","max-video-preview":"max-video-preview:-1"},"canonical":"https:\/\/ebrotulos.com\/ca\/expositores-mallorca\/","og_locale":"ca_ES","og_type":"article","og_title":"Expositores y Displays en Mallorca\u30102026\u3011Mejores precios \u2714\ufe0f","og_description":"Los mejores expositores en Mallorca y el resto de las islas Baleares, experiencia y calidad a su disposici\u00f3n \u00a1pide presupuesto sin compromiso!","og_url":"https:\/\/ebrotulos.com\/ca\/expositores-mallorca\/","og_site_name":"EB R\u00f3tulos","article_modified_time":"2022-07-05T09:27:42+00:00","og_image":[{"width":1024,"height":576,"url":"https:\/\/ebrotulos.com\/wp-content\/uploads\/2022\/07\/Sobre-nosotros-1.webp","type":"image\/webp"}],"twitter_card":"summary_large_image","twitter_misc":{"Temps estimat de lectura":"16 minuts"},"schema":{"@context":"https:\/\/schema.org","@graph":[{"@type":"WebPage","@id":"https:\/\/ebrotulos.com\/expositores-mallorca","url":"https:\/\/ebrotulos.com\/expositores-mallorca","name":"Expositores y Displays en Mallorca\u30102026\u3011Mejores precios \u2714\ufe0f","isPartOf":{"@id":"https:\/\/ebrotulos.com\/#website"},"primaryImageOfPage":{"@id":"https:\/\/ebrotulos.com\/expositores-mallorca#primaryimage"},"image":{"@id":"https:\/\/ebrotulos.com\/expositores-mallorca#primaryimage"},"thumbnailUrl":"https:\/\/ebrotulos.com\/wp-content\/uploads\/2022\/07\/Sobre-nosotros-1.webp","datePublished":"2018-09-04T18:09:17+00:00","dateModified":"2022-07-05T09:27:42+00:00","description":"Los mejores expositores en Mallorca y el resto de las islas Baleares, experiencia y calidad a su disposici\u00f3n \u00a1pide presupuesto sin compromiso!","breadcrumb":{"@id":"https:\/\/ebrotulos.com\/expositores-mallorca#breadcrumb"},"inLanguage":"ca","potentialAction":[{"@type":"ReadAction","target":["https:\/\/ebrotulos.com\/expositores-mallorca"]}]},{"@type":"ImageObject","inLanguage":"ca","@id":"https:\/\/ebrotulos.com\/expositores-mallorca#primaryimage","url":"https:\/\/ebrotulos.com\/wp-content\/uploads\/2022\/07\/Sobre-nosotros-1.webp","contentUrl":"https:\/\/ebrotulos.com\/wp-content\/uploads\/2022\/07\/Sobre-nosotros-1.webp","width":1024,"height":576,"caption":"EXPOSITORES MALLORCA"},{"@type":"BreadcrumbList","@id":"https:\/\/ebrotulos.com\/expositores-mallorca#breadcrumb","itemListElement":[{"@type":"ListItem","position":1,"name":"Portada","item":"https:\/\/ebrotulos.com\/"},{"@type":"ListItem","position":2,"name":"Expositores y Displays"}]},{"@type":"WebSite","@id":"https:\/\/ebrotulos.com\/#website","url":"https:\/\/ebrotulos.com\/","name":"EB R\u00f3tulos","description":"R\u00f3tulos en Mallorca","publisher":{"@id":"https:\/\/ebrotulos.com\/#organization"},"potentialAction":[{"@type":"SearchAction","target":{"@type":"EntryPoint","urlTemplate":"https:\/\/ebrotulos.com\/?s={search_term_string}"},"query-input":{"@type":"PropertyValueSpecification","valueRequired":true,"valueName":"search_term_string"}}],"inLanguage":"ca"},{"@type":"Organization","@id":"https:\/\/ebrotulos.com\/#organization","name":"EB R\u00f3tulos","url":"https:\/\/ebrotulos.com\/","logo":{"@type":"ImageObject","inLanguage":"ca","@id":"https:\/\/ebrotulos.com\/#\/schema\/logo\/image\/","url":"https:\/\/ebrotulos.com\/wp-content\/uploads\/2019\/01\/fon-principal-2.jpg","contentUrl":"https:\/\/ebrotulos.com\/wp-content\/uploads\/2019\/01\/fon-principal-2.jpg","width":900,"height":435,"caption":"EB R\u00f3tulos"},"image":{"@id":"https:\/\/ebrotulos.com\/#\/schema\/logo\/image\/"}}]}},"_links":{"self":[{"href":"https:\/\/ebrotulos.com\/ca\/wp-json\/wp\/v2\/pages\/479","targetHints":{"allow":["GET"]}}],"collection":[{"href":"https:\/\/ebrotulos.com\/ca\/wp-json\/wp\/v2\/pages"}],"about":[{"href":"https:\/\/ebrotulos.com\/ca\/wp-json\/wp\/v2\/types\/page"}],"author":[{"embeddable":true,"href":"https:\/\/ebrotulos.com\/ca\/wp-json\/wp\/v2\/users\/1"}],"replies":[{"embeddable":true,"href":"https:\/\/ebrotulos.com\/ca\/wp-json\/wp\/v2\/comments?post=479"}],"version-history":[{"count":0,"href":"https:\/\/ebrotulos.com\/ca\/wp-json\/wp\/v2\/pages\/479\/revisions"}],"wp:featuredmedia":[{"embeddable":true,"href":"https:\/\/ebrotulos.com\/ca\/wp-json\/wp\/v2\/media\/1348"}],"wp:attachment":[{"href":"https:\/\/ebrotulos.com\/ca\/wp-json\/wp\/v2\/media?parent=479"}],"wp:term":[{"taxonomy":"dipi_cpt_category","embeddable":true,"href":"https:\/\/ebrotulos.com\/ca\/wp-json\/wp\/v2\/dipi_cpt_category?post=479"}],"curies":[{"name":"wp","href":"https:\/\/api.w.org\/{rel}","templated":true}]}}